{"id":15786,"date":"2023-03-27T11:16:17","date_gmt":"2023-03-27T15:16:17","guid":{"rendered":"https:\/\/faci.uprrp.edu\/maestria-comunicacion\/?page_id=15786"},"modified":"2023-04-14T11:53:39","modified_gmt":"2023-04-14T15:53:39","slug":"ruben-ramirez-sanchez","status":"publish","type":"page","link":"https:\/\/faci.uprrp.edu\/maestria-comunicacion\/ruben-ramirez-sanchez\/","title":{"rendered":"Rub\u00e9n Ram\u00edrez S\u00e1nchez"},"content":{"rendered":"\n<div class=\"wp-block-media-text alignwide has-media-on-the-right is-stacked-on-mobile ma-faculty-header\" style=\"grid-template-columns:auto 31%\"><div class=\"wp-block-media-text__content\">\n<p class=\"wp-block-paragraph\"><\/p>\n\n\n\n<h2 class=\"wp-block-heading\">Rub\u00e9n Ram\u00edrez S\u00e1nchez, Ph.D.<\/h2>\n\n\n\n<h3 class=\"wp-block-heading\">Catedr\u00e1tico, Teor\u00eda e Investigaci\u00f3n<\/h3>\n\n\n\n<p class=\"wp-block-paragraph\"><strong>ruben.ramirez1@upr.edu<\/strong><\/p>\n<\/div><figure class=\"wp-block-media-text__media\"><img fetchpriority=\"high\" decoding=\"async\" width=\"508\" height=\"508\" src=\"https:\/\/faci.uprrp.edu\/maestria-comunicacion\/wp-content\/uploads\/sites\/4\/2023\/03\/profesor-Ruben-Ramirez-programa-maestria.png\" alt=\"Profesor Rub\u00e9n Ram\u00edrez S\u00e1nchez, Programa de Maestr\u00eda en Comunicaci\u00f3n, Facultad de Comunicaci\u00f3n e Informaci\u00f3n\" class=\"wp-image-15567 size-full\" srcset=\"https:\/\/faci.uprrp.edu\/maestria-comunicacion\/wp-content\/uploads\/sites\/4\/2023\/03\/profesor-Ruben-Ramirez-programa-maestria.png 508w, https:\/\/faci.uprrp.edu\/maestria-comunicacion\/wp-content\/uploads\/sites\/4\/2023\/03\/profesor-Ruben-Ramirez-programa-maestria-300x300.png 300w, https:\/\/faci.uprrp.edu\/maestria-comunicacion\/wp-content\/uploads\/sites\/4\/2023\/03\/profesor-Ruben-Ramirez-programa-maestria-150x150.png 150w\" sizes=\"(max-width: 508px) 100vw, 508px\" \/><\/figure><\/div>\n\n\n\n<div class=\"wp-block-columns ma-faculty-page-block is-layout-flex wp-container-core-columns-is-layout-8f761849 wp-block-columns-is-layout-flex\">\n<div class=\"wp-block-column is-layout-flow wp-block-column-is-layout-flow\" style=\"flex-basis:80%\">\n<div style=\"height:40px\" aria-hidden=\"true\" class=\"wp-block-spacer\"><\/div>\n\n\n\n<div style=\"height:1em\" aria-hidden=\"true\" class=\"wp-block-spacer\"><\/div>\n\n\n\n<p class=\"wp-block-paragraph\" style=\"font-size:17px\">El doctor Rub\u00e9n Ram\u00edrez S\u00e1nchez es Catedr\u00e1tico y Coordinador de Estudios Graduados del Programa Graduado en Comunicaci\u00f3n de la Facultad de Comunicaci\u00f3n e Informaci\u00f3n.&nbsp; Sus intereses de investigaci\u00f3n y creaci\u00f3n se enfocan en la cultura digital, la incursi\u00f3n de la inteligencia artificial en la mediaci\u00f3n, estudios de software, dise\u00f1o gr\u00e1fico y desarrollo para la Web.&nbsp; Tiene un doctorado de la Universidad de Nuevo M\u00e9xico y fue becario post-doctoral en el Georgia Institute of Technology, donde investig\u00f3 y ense\u00f1\u00f3 cursos sobre tecnolog\u00edas digitales.&nbsp;<\/p>\n\n\n\n<div style=\"height:1em\" aria-hidden=\"true\" class=\"wp-block-spacer\"><\/div>\n\n\n\n<h2 class=\"wp-block-heading\"><strong>Publicaciones selectas<\/strong><\/h2>\n\n\n\n<ul class=\"wp-block-list\" style=\"font-size:17px\">\n<li><a href=\"https:\/\/youtu.be\/tW3dA1V3AgY?t=1471\">Simulations of Climate Change: CGI and Hyperreal Representation in <em>The Day After Tomorrow<\/em> and <em>Geostorm<\/em><\/a> (2023)<\/li>\n\n\n\n<li><a href=\"https:\/\/journals.umcs.pl\/ms\/article\/view\/11449\">Post-Convergent Mediatization: Toward a Media Typology Beyond Web 2.0<\/a> (2020)<\/li>\n\n\n\n<li><a href=\"http:\/\/www.aasemiotica.com.ar\/wp-content\/uploads\/2017\/11\/MIRADAS-LENGUAJES-Y-PERSPECTIVAS-SEMI%C3%93TICAS.pdf\">Datosfera como semiosfera: Web 2.0 y semi\u00f3tica de datos en la era de la informaci\u00f3n<\/a> (2017)<\/li>\n\n\n\n<li><a href=\"http:\/\/journal.pubalaic.org\/index.php\/jlacr\/article\/view\/70\">The Secret Legacy of Punks: Toward a History of <em>Rock en Espa\u00f1ol<\/em> in Puerto Rico<\/a> (2014)<\/li>\n\n\n\n<li><a href=\"https:\/\/www.ojcmt.net\/download\/the-complex-political-economy-of-natural-capitalism-the-case-of-whole-foods-stonyfield-farms-and.pdf\">The Complex Political Economy of Natural Capitalism: The Case of Whole Foods, Stonyfield Farms, and Walmart<\/a> (2013)<\/li>\n<\/ul>\n\n\n\n<div style=\"height:1em\" aria-hidden=\"true\" class=\"wp-block-spacer\"><\/div>\n\n\n\n<h2 class=\"wp-block-heading\">\u00c1reas docentes <\/h2>\n\n\n\n<ul class=\"wp-block-list\" style=\"font-size:17px\">\n<li>Cultura digital <\/li>\n\n\n\n<li>M\u00e9todos digitales <\/li>\n\n\n\n<li>Inteligencia artificial y mediaci\u00f3n <\/li>\n\n\n\n<li>Dise\u00f1o gr\u00e1fico y desarrollo para la web <\/li>\n\n\n\n<li>Emprendimiento <\/li>\n<\/ul>\n\n\n\n<div style=\"height:16px\" aria-hidden=\"true\" class=\"wp-block-spacer\"><\/div>\n\n\n\n<div style=\"height:4em\" aria-hidden=\"true\" class=\"wp-block-spacer\"><\/div>\n<\/div>\n<\/div>\n","protected":false},"excerpt":{"rendered":"<p>Rub\u00e9n Ram\u00edrez S\u00e1nchez, Ph.D. Catedr\u00e1tico, Teor\u00eda e Investigaci\u00f3n ruben.ramirez1@upr.edu El doctor Rub\u00e9n Ram\u00edrez S\u00e1nchez es Catedr\u00e1tico y Coordinador de Estudios Graduados del Programa Graduado en Comunicaci\u00f3n de la Facultad de Comunicaci\u00f3n e Informaci\u00f3n.&nbsp; Sus intereses de investigaci\u00f3n y creaci\u00f3n se &hellip; <\/p>\n","protected":false},"author":7,"featured_media":0,"parent":0,"menu_order":0,"comment_status":"closed","ping_status":"closed","template":"","meta":{"_crdt_document":"","footnotes":""},"class_list":["post-15786","page","type-page","status-publish","hentry"],"_links":{"self":[{"href":"https:\/\/faci.uprrp.edu\/maestria-comunicacion\/wp-json\/wp\/v2\/pages\/15786","targetHints":{"allow":["GET"]}}],"collection":[{"href":"https:\/\/faci.uprrp.edu\/maestria-comunicacion\/wp-json\/wp\/v2\/pages"}],"about":[{"href":"https:\/\/faci.uprrp.edu\/maestria-comunicacion\/wp-json\/wp\/v2\/types\/page"}],"author":[{"embeddable":true,"href":"https:\/\/faci.uprrp.edu\/maestria-comunicacion\/wp-json\/wp\/v2\/users\/7"}],"replies":[{"embeddable":true,"href":"https:\/\/faci.uprrp.edu\/maestria-comunicacion\/wp-json\/wp\/v2\/comments?post=15786"}],"version-history":[{"count":30,"href":"https:\/\/faci.uprrp.edu\/maestria-comunicacion\/wp-json\/wp\/v2\/pages\/15786\/revisions"}],"predecessor-version":[{"id":15999,"href":"https:\/\/faci.uprrp.edu\/maestria-comunicacion\/wp-json\/wp\/v2\/pages\/15786\/revisions\/15999"}],"wp:attachment":[{"href":"https:\/\/faci.uprrp.edu\/maestria-comunicacion\/wp-json\/wp\/v2\/media?parent=15786"}],"curies":[{"name":"wp","href":"https:\/\/api.w.org\/{rel}","templated":true}]}}