{"id":15598,"date":"2024-03-18T16:27:22","date_gmt":"2024-03-18T20:27:22","guid":{"rendered":"https:\/\/faci.uprrp.edu\/ciicom\/?page_id=15598"},"modified":"2026-04-17T07:53:56","modified_gmt":"2026-04-17T11:53:56","slug":"actividades","status":"publish","type":"page","link":"https:\/\/faci.uprrp.edu\/ciicom\/actividades\/","title":{"rendered":"Actividades"},"content":{"rendered":"\t\t<div data-elementor-type=\"wp-page\" data-elementor-id=\"15598\" class=\"elementor elementor-15598\">\n\t\t\t\t\t\t<section class=\"elementor-section elementor-top-section elementor-element elementor-element-9d04327 elementor-section-boxed elementor-section-height-default elementor-section-height-default\" data-id=\"9d04327\" data-element_type=\"section\" data-e-type=\"section\">\n\t\t\t\t\t\t<div class=\"elementor-container elementor-column-gap-default\">\n\t\t\t\t\t<div class=\"elementor-column elementor-col-100 elementor-top-column elementor-element elementor-element-28eafa7\" data-id=\"28eafa7\" data-element_type=\"column\" data-e-type=\"column\">\n\t\t\t<div class=\"elementor-widget-wrap elementor-element-populated\">\n\t\t\t\t\t\t<div class=\"elementor-element elementor-element-53d5935 elementor-widget elementor-widget-text-editor\" data-id=\"53d5935\" data-element_type=\"widget\" data-e-type=\"widget\" data-widget_type=\"text-editor.default\">\n\t\t\t\t<div class=\"elementor-widget-container\">\n\t\t\t\t\t\t\t\t\t<h2>Ciclo de conferencias, talleres y conversatorios coordinados desde el CIICOM<\/h2>\t\t\t\t\t\t\t\t<\/div>\n\t\t\t\t<\/div>\n\t\t\t\t\t<\/div>\n\t\t<\/div>\n\t\t\t\t\t<\/div>\n\t\t<\/section>\n\t\t\t\t<section class=\"elementor-section elementor-top-section elementor-element elementor-element-6c4df55 elementor-section-boxed elementor-section-height-default elementor-section-height-default\" data-id=\"6c4df55\" data-element_type=\"section\" data-e-type=\"section\">\n\t\t\t\t\t\t<div class=\"elementor-container elementor-column-gap-default\">\n\t\t\t\t\t<div class=\"elementor-column elementor-col-100 elementor-top-column elementor-element elementor-element-78a7833\" data-id=\"78a7833\" data-element_type=\"column\" data-e-type=\"column\">\n\t\t\t<div class=\"elementor-widget-wrap elementor-element-populated\">\n\t\t\t\t\t\t<div class=\"elementor-element elementor-element-7909767 elementor-widget elementor-widget-text-editor\" data-id=\"7909767\" data-element_type=\"widget\" data-e-type=\"widget\" data-widget_type=\"text-editor.default\">\n\t\t\t\t<div class=\"elementor-widget-container\">\n\t\t\t\t\t\t\t\t\t<p><span data-olk-copy-source=\"MessageBody\"><a href=\"https:\/\/sistemaupr-my.sharepoint.com\/:v:\/g\/personal\/carlos_suarez5_upr_edu\/IQBb9glu5fymQopA4TnIl42TAT_HT02webz7Jb47CaL_8do?nav=eyJyZWZlcnJhbEluZm8iOnsicmVmZXJyYWxBcHAiOiJTdHJlYW1XZWJBcHAiLCJyZWZlcnJhbFZpZXciOiJTaGFyZURpYWxvZy1MaW5rIiwicmVmZXJyYWxBcHBQbGF0Zm9ybSI6IldlYiIsInJlZmVycmFsTW9kZSI6InZpZXcifX0%3D&amp;e=jcRTF8\"><strong>Del Viejo San Juan al Mall: La ruta de las librer\u00edas en Puerto Rico<\/strong><\/a>.<\/span><\/p><div><p>jueves 16 de abril de 2026,\u00a0 3:00 p.m.<\/p><p><b>Conferenciante: <\/b>Alfredo Torres Otero, Librero, editor y gestor cultural.<\/p><p><b>Moderador: <\/b>Prof. Javier Almeyda Loucil, Biblioteca y Hemeroteca Puertorrique\u00f1a, Sistema de Bibliotecas, Universidad de Puerto Rico, Recinto de R\u00edo Piedras.<\/p><p>\u00a0<\/p><\/div><hr \/>\t\t\t\t\t\t\t\t<\/div>\n\t\t\t\t<\/div>\n\t\t\t\t\t<\/div>\n\t\t<\/div>\n\t\t\t\t\t<\/div>\n\t\t<\/section>\n\t\t\t\t<section class=\"elementor-section elementor-top-section elementor-element elementor-element-01eab28 elementor-section-boxed elementor-section-height-default elementor-section-height-default\" data-id=\"01eab28\" data-element_type=\"section\" data-e-type=\"section\">\n\t\t\t\t\t\t<div class=\"elementor-container elementor-column-gap-default\">\n\t\t\t\t\t<div class=\"elementor-column elementor-col-100 elementor-top-column elementor-element elementor-element-2b1f896\" data-id=\"2b1f896\" data-element_type=\"column\" data-e-type=\"column\">\n\t\t\t<div class=\"elementor-widget-wrap elementor-element-populated\">\n\t\t\t\t\t\t<div class=\"elementor-element elementor-element-a430322 elementor-widget elementor-widget-text-editor\" data-id=\"a430322\" data-element_type=\"widget\" data-e-type=\"widget\" data-widget_type=\"text-editor.default\">\n\t\t\t\t<div class=\"elementor-widget-container\">\n\t\t\t\t\t\t\t\t\t<p><span data-olk-copy-source=\"MessageBody\"><strong><a href=\"https:\/\/sistemaupr-my.sharepoint.com\/:v:\/g\/personal\/carlos_suarez5_upr_edu\/IQAOaMmHCr-QToBlHAqhixX-AU9QzPxV7igSYdN7O4qSWEU?nav=eyJyZWZlcnJhbEluZm8iOnsicmVmZXJyYWxBcHAiOiJTdHJlYW1XZWJBcHAiLCJyZWZlcnJhbFZpZXciOiJTaGFyZURpYWxvZy1MaW5rIiwicmVmZXJyYWxBcHBQbGF0Zm9ybSI6IldlYiIsInJlZmVycmFsTW9kZSI6InZpZXcifX0%3D&amp;e=AZXAlA\">Ocio, informaci\u00f3n y anuncios: los periodistas se celebrifican en Instagram<\/a><\/strong><\/span><\/p><p>jueves 9 de abril de 2026,\u00a0 3:00 p.m.<\/p><p><b>Conferenciante:\u00a0<\/b>Dra. <span data-olk-copy-source=\"MessageBody\">Lourdes Lugo-Ortiz, catedr\u00e1tica, Informaci\u00f3n y Periodismo, Facultad de Comunicaci\u00f3n e Informaci\u00f3n<\/span>.<\/p><p><b>Moderador: <\/b>Carlos Su\u00e1rez Balseiro, Programa Graduado de Ciencias de la Informaci\u00f3n, Facultad de Comunicaci\u00f3n e Informaci\u00f3n.<\/p><p>\u00a0<\/p>\t\t\t\t\t\t\t\t<\/div>\n\t\t\t\t<\/div>\n\t\t\t\t\t<\/div>\n\t\t<\/div>\n\t\t\t\t\t<\/div>\n\t\t<\/section>\n\t\t\t\t<section class=\"elementor-section elementor-top-section elementor-element elementor-element-afc638d elementor-section-full_width elementor-section-height-default elementor-section-height-default\" data-id=\"afc638d\" data-element_type=\"section\" data-e-type=\"section\">\n\t\t\t\t\t\t<div class=\"elementor-container elementor-column-gap-default\">\n\t\t\t\t\t<div class=\"elementor-column elementor-col-33 elementor-top-column elementor-element elementor-element-a87bf75\" data-id=\"a87bf75\" data-element_type=\"column\" data-e-type=\"column\">\n\t\t\t<div class=\"elementor-widget-wrap elementor-element-populated\">\n\t\t\t\t\t\t<div class=\"elementor-element elementor-element-320aff3 elementor-widget elementor-widget-text-editor\" data-id=\"320aff3\" data-element_type=\"widget\" data-e-type=\"widget\" data-widget_type=\"text-editor.default\">\n\t\t\t\t<div class=\"elementor-widget-container\">\n\t\t\t\t\t\t\t\t\t<p><b><a href=\"https:\/\/sistemaupr-my.sharepoint.com\/:v:\/g\/personal\/carlos_suarez5_upr_edu\/IQDY26RmGp6OQ5VwSiBeNy0uASmP3GtagwyEGjqaNOIKdtY?e=Jmkx6N\">Estudio exploratorio de los servicios para j\u00f3venes en bibliotecas municipales y comunitarias en Puerto Rico: Factores que promovieron o limitaron su transformaci\u00f3n (2013-2023)<\/a>.<\/b><\/p><p><span data-teams=\"true\">martes, 18 de noviembre de 2025 (5:00 p. m.)<\/span><\/p><p><b>Conferenciantes:<\/b><\/p><p>Dra. Noraida Dom\u00ednguez Flores, coordinadora del Programa Graduado de Ciencias de la Informaci\u00f3n, Facultad de Comunicaci\u00f3n e Informaci\u00f3n.<\/p><p>Dra. Consuelo Figueras \u00c1lvarez, exdirectora de la Escuela Graduada de Ciencias y Tecnolog\u00edas de la Informaci\u00f3n (EGCTI).<\/p><p><b>Moderadora:<\/b>Prof. Carmen T. P\u00e9rez Gonz\u00e1lez, directora de la Biblioteca Nacional de Puerto Rico.<\/p><hr \/>\t\t\t\t\t\t\t\t<\/div>\n\t\t\t\t<\/div>\n\t\t\t\t\t<\/div>\n\t\t<\/div>\n\t\t\t\t<div class=\"elementor-column elementor-col-66 elementor-top-column elementor-element elementor-element-d70530b\" data-id=\"d70530b\" data-element_type=\"column\" data-e-type=\"column\">\n\t\t\t<div class=\"elementor-widget-wrap elementor-element-populated\">\n\t\t\t\t\t\t\t<\/div>\n\t\t<\/div>\n\t\t\t\t\t<\/div>\n\t\t<\/section>\n\t\t\t\t<section class=\"elementor-section elementor-top-section elementor-element elementor-element-31f29d5 elementor-section-boxed elementor-section-height-default elementor-section-height-default\" data-id=\"31f29d5\" data-element_type=\"section\" data-e-type=\"section\">\n\t\t\t\t\t\t<div class=\"elementor-container elementor-column-gap-default\">\n\t\t\t\t\t<div class=\"elementor-column elementor-col-33 elementor-top-column elementor-element elementor-element-6ffb3e4\" data-id=\"6ffb3e4\" data-element_type=\"column\" data-e-type=\"column\">\n\t\t\t<div class=\"elementor-widget-wrap elementor-element-populated\">\n\t\t\t\t\t\t<div class=\"elementor-element elementor-element-03eb666 elementor-widget elementor-widget-text-editor\" data-id=\"03eb666\" data-element_type=\"widget\" data-e-type=\"widget\" data-widget_type=\"text-editor.default\">\n\t\t\t\t<div class=\"elementor-widget-container\">\n\t\t\t\t\t\t\t\t\t<p><strong><a href=\"https:\/\/sistemaupr-my.sharepoint.com\/:v:\/g\/personal\/carlos_suarez5_upr_edu\/IQCS-wzZc2IdQL7UWI0eS3qrAaGEeTjQlxyoBGMFIuVwRHE?e=F3lXAf\">Proyectos Wikimedia en bibliotecas, archivos y museos: colaboraci\u00f3n por la Ciencia Abierta en Am\u00e9rica Latina<\/a>.<\/strong><\/p><p><span data-teams=\"true\">jueves, 23 de octubre de 2025 (6:00 p. m.)<\/span><\/p><p>Clase abierta del curso: Promoviendo la Ciencia Abierta desde las bibliotecas universitarias (CINF6995).<\/p><p><b>Conferenciantes: <\/b>Manuel Franco Avellaneda, Director de proyectos y Bernardo Caycedo, Coordinador, Programa de Apropiaci\u00f3n Social del Conocimiento (Wikimedia Colombia)<\/p><p>Carla Toro Fern\u00e1ndez, Subdirectora Ejecutiva (Wikimedia Chile)<\/p><p>Mauricio V. Genta, Responsable de Tecnolog\u00eda y Digitalizaci\u00f3n (Wikimedia, Argentina)\u00a0<br \/>Universidad Ana G. M\u00e9ndez, Puerto Rico<\/p><p><b>Moderadora: <\/b>Dra. Cl\u00e1udia De Souza,<br \/>Programa Graduado de Ciencias de la Informaci\u00f3n<br \/>Facultad de Comunicaci\u00f3n e Informaci\u00f3n<br \/>Universidad de Puerto Rico, Recinto de R\u00edo Piedras<\/p><hr \/><p>\u00a0<\/p>\t\t\t\t\t\t\t\t<\/div>\n\t\t\t\t<\/div>\n\t\t\t\t\t<\/div>\n\t\t<\/div>\n\t\t\t\t<div class=\"elementor-column elementor-col-66 elementor-top-column elementor-element elementor-element-74fdb19\" data-id=\"74fdb19\" data-element_type=\"column\" data-e-type=\"column\">\n\t\t\t<div class=\"elementor-widget-wrap elementor-element-populated\">\n\t\t\t\t\t\t\t<\/div>\n\t\t<\/div>\n\t\t\t\t\t<\/div>\n\t\t<\/section>\n\t\t\t\t<section class=\"elementor-section elementor-top-section elementor-element elementor-element-3a5dc64 elementor-section-boxed elementor-section-height-default elementor-section-height-default\" data-id=\"3a5dc64\" data-element_type=\"section\" data-e-type=\"section\">\n\t\t\t\t\t\t<div class=\"elementor-container elementor-column-gap-default\">\n\t\t\t\t\t<div class=\"elementor-column elementor-col-33 elementor-top-column elementor-element elementor-element-a0d4eba\" data-id=\"a0d4eba\" data-element_type=\"column\" data-e-type=\"column\">\n\t\t\t<div class=\"elementor-widget-wrap elementor-element-populated\">\n\t\t\t\t\t\t<div class=\"elementor-element elementor-element-40981a8 elementor-widget elementor-widget-text-editor\" data-id=\"40981a8\" data-element_type=\"widget\" data-e-type=\"widget\" data-widget_type=\"text-editor.default\">\n\t\t\t\t<div class=\"elementor-widget-container\">\n\t\t\t\t\t\t\t\t\t<p><strong><a href=\"https:\/\/sistemaupr-my.sharepoint.com\/:v:\/g\/personal\/carlos_suarez5_upr_edu\/IQCAIoLyXOfJR4CmLGIfJpjKAWOy-JltxTBDb9ilGHMHCxQ?e=ZLuQEa\">Equidad digital en Puerto Rico : Acceso, adopci\u00f3n y destrezas digitales en centros comunitarios<\/a>.<\/strong><\/p><p><span data-teams=\"true\">mi\u00e9rcoles, 10 de septiembre de 2025 (2:00 p. m. &#8211; 3:30 p. m.)<\/span><\/p><p><b>Conferenciantes: <\/b>Dr. Luis Rosario-Albert y Dr. Ezequiel Bayuelo-Fl\u00f3rez<br \/>Universidad Ana G. M\u00e9ndez, Puerto Rico<\/p><p><b>Moderadora: <\/b>Dra. Noraida Dom\u00ednguez Flores, Coordinadora del<br \/>Programa Graduado de Ciencias de la Informaci\u00f3n<br \/>Facultad de Comunicaci\u00f3n e Informaci\u00f3n<br \/>Universidad de Puerto Rico, Recinto de R\u00edo Piedras<\/p><hr \/><p>\u00a0<\/p>\t\t\t\t\t\t\t\t<\/div>\n\t\t\t\t<\/div>\n\t\t\t\t\t<\/div>\n\t\t<\/div>\n\t\t\t\t<div class=\"elementor-column elementor-col-66 elementor-top-column elementor-element elementor-element-5f13501\" data-id=\"5f13501\" data-element_type=\"column\" data-e-type=\"column\">\n\t\t\t<div class=\"elementor-widget-wrap elementor-element-populated\">\n\t\t\t\t\t\t\t<\/div>\n\t\t<\/div>\n\t\t\t\t\t<\/div>\n\t\t<\/section>\n\t\t\t\t<section class=\"elementor-section elementor-top-section elementor-element elementor-element-95731f7 elementor-section-boxed elementor-section-height-default elementor-section-height-default\" data-id=\"95731f7\" data-element_type=\"section\" data-e-type=\"section\">\n\t\t\t\t\t\t<div class=\"elementor-container elementor-column-gap-default\">\n\t\t\t\t\t<div class=\"elementor-column elementor-col-33 elementor-top-column elementor-element elementor-element-34a657e\" data-id=\"34a657e\" data-element_type=\"column\" data-e-type=\"column\">\n\t\t\t<div class=\"elementor-widget-wrap elementor-element-populated\">\n\t\t\t\t\t\t<div class=\"elementor-element elementor-element-8334368 elementor-widget elementor-widget-text-editor\" data-id=\"8334368\" data-element_type=\"widget\" data-e-type=\"widget\" data-widget_type=\"text-editor.default\">\n\t\t\t\t<div class=\"elementor-widget-container\">\n\t\t\t\t\t\t\t\t\t<p><strong><span class=\"fui-Text ___698yvc0 fk6fouc f1rvoi7b f1i3iumi fl43uef fpgzoln f1w7gpdv fz5stix f1a3p1vp f1cmbuwj f19n0e5\"><a href=\"https:\/\/sistemaupr-my.sharepoint.com\/:v:\/g\/personal\/carlos_suarez5_upr_edu\/IQA590UBL3ImSo1CWnO_VbkwAcm4JQ7BX8zwgLg8AagS7w4?e=iyadu9\">LEO Radio: voces que leen, narran y transforman desde Bogot\u00e1<\/a>.<\/span><\/strong><\/p><p><span data-teams=\"true\"><span class=\"fui-Text ___zym5jm0 fk6fouc f1hn7b42 f1i3iumi figsok6 fpgzoln f1w7gpdv f6juhto f1gl81tg f2jf649 f11d4kpn\">jueves, 28 de agosto de 2025 (3:30 p. m. &#8211; 5:00 p. m.)<\/span><\/span><\/p><p><strong>Conferenciante<\/strong>: David Fernando Rocha Cubillos, Coordinador de LEO Radio, emisora cultural y de la Red Distrital de Bibliotecas P\u00fablicas de Bogot\u00e1.<\/p><p><strong>Moderadora<\/strong>: Dra. Liz Pag\u00e1n Santana, profesora adjunta, Programa Graduado de Ciencias de la Informaci\u00f3n<br \/>Facultad de Comunicaci\u00f3n e Informaci\u00f3n<br \/>Universidad de Puerto Rico, Recinto de R\u00edo Piedras<\/p><hr \/><p>\u00a0<\/p>\t\t\t\t\t\t\t\t<\/div>\n\t\t\t\t<\/div>\n\t\t\t\t\t<\/div>\n\t\t<\/div>\n\t\t\t\t<div class=\"elementor-column elementor-col-66 elementor-top-column elementor-element elementor-element-a5ebff9\" data-id=\"a5ebff9\" data-element_type=\"column\" data-e-type=\"column\">\n\t\t\t<div class=\"elementor-widget-wrap elementor-element-populated\">\n\t\t\t\t\t\t\t<\/div>\n\t\t<\/div>\n\t\t\t\t\t<\/div>\n\t\t<\/section>\n\t\t\t\t<section class=\"elementor-section elementor-top-section elementor-element elementor-element-a3222d7 elementor-section-boxed elementor-section-height-default elementor-section-height-default\" data-id=\"a3222d7\" data-element_type=\"section\" data-e-type=\"section\">\n\t\t\t\t\t\t<div class=\"elementor-container elementor-column-gap-default\">\n\t\t\t\t\t<div class=\"elementor-column elementor-col-33 elementor-top-column elementor-element elementor-element-b4ab56c\" data-id=\"b4ab56c\" data-element_type=\"column\" data-e-type=\"column\">\n\t\t\t<div class=\"elementor-widget-wrap elementor-element-populated\">\n\t\t\t\t\t\t<div class=\"elementor-element elementor-element-262bda6 elementor-widget__width-initial elementor-widget elementor-widget-text-editor\" data-id=\"262bda6\" data-element_type=\"widget\" data-e-type=\"widget\" data-widget_type=\"text-editor.default\">\n\t\t\t\t<div class=\"elementor-widget-container\">\n\t\t\t\t\t\t\t\t\t<p><b>Jornadas de Investigaci\u00f3n (FaCI 2024)<\/b>:\u00a0<a href=\"https:\/\/sistemaupr-my.sharepoint.com\/:v:\/g\/personal\/carlos_suarez5_upr_edu\/IQB_jSm94DWARqQ-NKkGsCfEAWDzL6jkPaqiZlE3HVPkVyE?e=yLmKDP\">GLAM-DCM PR Digital Collection Management in Puerto Rico GLAM Institutions<\/a><span style=\"color: var( --e-global-color-text ); font-family: var( --e-global-typography-text-font-family ), Sans-serif; font-size: var( --e-global-typography-text-font-size ); font-weight: var( --e-global-typography-text-font-weight );\">.<\/span><\/p><p>21 de noviembre de 2024 (4:00 p. m.)<\/p><p><strong>Ponentes<\/strong>:<\/p><p>Dinah Wilson Fraites, Jeanmary Lugo Gonz\u00e1lez (Coinvestigadoras principales)<\/p><p>Yanira del Toro Rivera (Especialista en Colecciones Digitales), Sistema de Bibliotecas, Universidad de Puerto Rico, Recinto de R\u00edo Piedras.<\/p><p>Mila Aponte Gonz\u00e1lez (Asesora Program\u00e1tica) profesora colaboradora de los programas de Gesti\u00f3n Cultural y Ciencias de Informaci\u00f3n, Universidad de Puerto Rico, Recinto de R\u00edo Piedras.<\/p><p>Alma C\u00e1tala Valent\u00edn (Asistente de investigaci\u00f3n, Programa de Ciencias de laInformaci\u00f3n) y Mar\u00eda Rojas Ochoa (Asistente de investigaci\u00f3n, Programa de Comunicaci\u00f3n), Facultad de Comunicaci\u00f3n e Informaci\u00f3n, Universidad de Puerto Rico, Recinto de R\u00edo Piedras<\/p><hr \/><p>\u00a0<\/p>\t\t\t\t\t\t\t\t<\/div>\n\t\t\t\t<\/div>\n\t\t\t\t\t<\/div>\n\t\t<\/div>\n\t\t\t\t<div class=\"elementor-column elementor-col-66 elementor-top-column elementor-element elementor-element-ab3dd07\" data-id=\"ab3dd07\" data-element_type=\"column\" data-e-type=\"column\">\n\t\t\t<div class=\"elementor-widget-wrap elementor-element-populated\">\n\t\t\t\t\t\t\t<\/div>\n\t\t<\/div>\n\t\t\t\t\t<\/div>\n\t\t<\/section>\n\t\t\t\t<section class=\"elementor-section elementor-top-section elementor-element elementor-element-17dad57 elementor-section-boxed elementor-section-height-default elementor-section-height-default\" data-id=\"17dad57\" data-element_type=\"section\" data-e-type=\"section\">\n\t\t\t\t\t\t<div class=\"elementor-container elementor-column-gap-default\">\n\t\t\t\t\t<div class=\"elementor-column elementor-col-33 elementor-top-column elementor-element elementor-element-7885176\" data-id=\"7885176\" data-element_type=\"column\" data-e-type=\"column\">\n\t\t\t<div class=\"elementor-widget-wrap elementor-element-populated\">\n\t\t\t\t\t\t<div class=\"elementor-element elementor-element-90dbebf elementor-widget__width-initial elementor-widget elementor-widget-text-editor\" data-id=\"90dbebf\" data-element_type=\"widget\" data-e-type=\"widget\" data-widget_type=\"text-editor.default\">\n\t\t\t\t<div class=\"elementor-widget-container\">\n\t\t\t\t\t\t\t\t\t<p><b>Jornadas de Investigaci\u00f3n (FaCI 2024)<\/b>:\u00a0<a href=\"https:\/\/sistemaupr-my.sharepoint.com\/:v:\/g\/personal\/carlos_suarez5_upr_edu\/IQASKmmCeLi0R4aydeJiIkLnAWRKUzy5O-1jPvdfunZMG0o?e=ozocPN\">El Acceso Abierto en Puerto Rico: un an\u00e1lisis de las v\u00edas Verde y Diamante<\/a>.<\/p><p>21 de noviembre de 2024 (6:00 p. m.)<\/p><p><strong>Ponentes<\/strong>: Dra. Cl\u00e1udia De Souza, Facultad de Comunicaci\u00f3n e Informaci\u00f3n, Universidad de Puerto Rico, Recinto de R\u00edo Piedras.<\/p><p><strong>Estudiantes del Programa Graduado en Ciencias de la Informaci\u00f3n<\/strong>: Ashleyan M. Reyes-Arroyo, Claudia B. Hern\u00e1ndez-Gonz\u00e1lez, Doris N. Burgos-Figueroa, Isabeliz Garc\u00eda-Padilla y Paloma Ybarra-Reyes.<\/p><hr \/><p>\u00a0<\/p>\t\t\t\t\t\t\t\t<\/div>\n\t\t\t\t<\/div>\n\t\t\t\t\t<\/div>\n\t\t<\/div>\n\t\t\t\t<div class=\"elementor-column elementor-col-66 elementor-top-column elementor-element elementor-element-491c734\" data-id=\"491c734\" data-element_type=\"column\" data-e-type=\"column\">\n\t\t\t<div class=\"elementor-widget-wrap elementor-element-populated\">\n\t\t\t\t\t\t\t<\/div>\n\t\t<\/div>\n\t\t\t\t\t<\/div>\n\t\t<\/section>\n\t\t\t\t<section class=\"elementor-section elementor-top-section elementor-element elementor-element-00a6bfb elementor-section-boxed elementor-section-height-default elementor-section-height-default\" data-id=\"00a6bfb\" data-element_type=\"section\" data-e-type=\"section\">\n\t\t\t\t\t\t<div class=\"elementor-container elementor-column-gap-default\">\n\t\t\t\t\t<div class=\"elementor-column elementor-col-33 elementor-top-column elementor-element elementor-element-e8f74d6\" data-id=\"e8f74d6\" data-element_type=\"column\" data-e-type=\"column\">\n\t\t\t<div class=\"elementor-widget-wrap elementor-element-populated\">\n\t\t\t\t\t\t<div class=\"elementor-element elementor-element-6a72461 elementor-widget elementor-widget-text-editor\" data-id=\"6a72461\" data-element_type=\"widget\" data-e-type=\"widget\" data-widget_type=\"text-editor.default\">\n\t\t\t\t<div class=\"elementor-widget-container\">\n\t\t\t\t\t\t\t\t\t<p><strong>Jornadas de Investigaci\u00f3n (FaCI)<\/strong>: <a href=\"https:\/\/sistemaupr-my.sharepoint.com\/:v:\/g\/personal\/carlos_suarez5_upr_edu\/IQBjXsrrRQgwTaTFpCyOGnXHASWsEoeoP58Tl5h3EB21tkk?e=bO2vUw\">Navegando entre simulaciones: estudio de caso de transiciones l\u00fadicas entre The Sims y TikTok<\/a>.<\/p><p>21 de noviembre de 2024 (6:00 p. m.)<\/p><p><strong>Ponente<\/strong>: Prof. Alfredo Rivas V\u00e9lez, Catedr\u00e1tico Asociado, Teor\u00eda e Investigaci\u00f3n. Facultad de Comunicaci\u00f3n e Informaci\u00f3n, Universidad de Puerto Rico, Recinto de R\u00edo Piedra.<\/p>\t\t\t\t\t\t\t\t<\/div>\n\t\t\t\t<\/div>\n\t\t\t\t\t<\/div>\n\t\t<\/div>\n\t\t\t\t<div class=\"elementor-column elementor-col-66 elementor-top-column elementor-element elementor-element-e6bb377\" data-id=\"e6bb377\" data-element_type=\"column\" data-e-type=\"column\">\n\t\t\t<div class=\"elementor-widget-wrap elementor-element-populated\">\n\t\t\t\t\t\t\t<\/div>\n\t\t<\/div>\n\t\t\t\t\t<\/div>\n\t\t<\/section>\n\t\t\t\t<section class=\"elementor-section elementor-top-section elementor-element elementor-element-2619229 elementor-section-boxed elementor-section-height-default elementor-section-height-default\" data-id=\"2619229\" data-element_type=\"section\" data-e-type=\"section\">\n\t\t\t\t\t\t<div class=\"elementor-container elementor-column-gap-default\">\n\t\t\t\t\t<div class=\"elementor-column elementor-col-33 elementor-top-column elementor-element elementor-element-b2cd9f7\" data-id=\"b2cd9f7\" data-element_type=\"column\" data-e-type=\"column\">\n\t\t\t<div class=\"elementor-widget-wrap elementor-element-populated\">\n\t\t\t\t\t\t<div class=\"elementor-element elementor-element-7a18980 elementor-widget elementor-widget-text-editor\" data-id=\"7a18980\" data-element_type=\"widget\" data-e-type=\"widget\" data-widget_type=\"text-editor.default\">\n\t\t\t\t<div class=\"elementor-widget-container\">\n\t\t\t\t\t\t\t\t\t<p><a href=\"https:\/\/sistemaupr-my.sharepoint.com\/:v:\/g\/personal\/carlos_suarez5_upr_edu\/IQBP47fDvk9ySpODxYPNr-msAWWCvHc3BWd4LAg3sWWqPo4?nav=eyJyZWZlcnJhbEluZm8iOnsicmVmZXJyYWxBcHAiOiJTdHJlYW1XZWJBcHAiLCJyZWZlcnJhbFZpZXciOiJTaGFyZURpYWxvZy1MaW5rIiwicmVmZXJyYWxBcHBQbGF0Zm9ybSI6IldlYiIsInJlZmVycmFsTW9kZSI6InZpZXcifX0%3D&amp;e=T11Tji\"><strong>Organizaci\u00f3n y representaci\u00f3n de la informaci\u00f3n en el marco de la Ciencia Abierta.\u00a0Integraci\u00f3n de los datos del Portal de Revistas Acad\u00e9micas de la Universidad de Puerto Rico en\u00a0<span class=\"mark5pryb9km1\" data-markjs=\"true\" data-ogac=\"\" data-ogab=\"\" data-ogsc=\"\" data-ogsb=\"\">Wikidata<\/span><\/strong><\/a><\/p><p>30 de abril de 2024<\/p><p>La profesora Cl\u00e1udia De Souza, con estudiantes y colaboradores, comparten sus experiencias de aprendizaje al integrase en la investigaci\u00f3n sobre el movimiento de la Ciencia Abierta en el Caribe Insular, con especial \u00e9nfasis en el procedimiento utilizado para inserci\u00f3n, edici\u00f3n y publicaci\u00f3n de datos del Portal de Revistas Acad\u00e9micas de la Universidad de Puerto Rico.<\/p><hr \/>\t\t\t\t\t\t\t\t<\/div>\n\t\t\t\t<\/div>\n\t\t\t\t\t<\/div>\n\t\t<\/div>\n\t\t\t\t<div class=\"elementor-column elementor-col-66 elementor-top-column elementor-element elementor-element-e24aa8e\" data-id=\"e24aa8e\" data-element_type=\"column\" data-e-type=\"column\">\n\t\t\t<div class=\"elementor-widget-wrap elementor-element-populated\">\n\t\t\t\t\t\t\t<\/div>\n\t\t<\/div>\n\t\t\t\t\t<\/div>\n\t\t<\/section>\n\t\t\t\t<section class=\"elementor-section elementor-top-section elementor-element elementor-element-f2b2d24 elementor-section-boxed elementor-section-height-default elementor-section-height-default\" data-id=\"f2b2d24\" data-element_type=\"section\" data-e-type=\"section\">\n\t\t\t\t\t\t<div class=\"elementor-container elementor-column-gap-default\">\n\t\t\t\t\t<div class=\"elementor-column elementor-col-33 elementor-top-column elementor-element elementor-element-d9967e5\" data-id=\"d9967e5\" data-element_type=\"column\" data-e-type=\"column\">\n\t\t\t<div class=\"elementor-widget-wrap elementor-element-populated\">\n\t\t\t\t\t\t<div class=\"elementor-element elementor-element-44b0eba elementor-widget elementor-widget-text-editor\" data-id=\"44b0eba\" data-element_type=\"widget\" data-e-type=\"widget\" data-widget_type=\"text-editor.default\">\n\t\t\t\t<div class=\"elementor-widget-container\">\n\t\t\t\t\t\t\t\t\t<p><a href=\"https:\/\/sistemaupr-my.sharepoint.com\/:v:\/g\/personal\/carlos_suarez5_upr_edu\/IQDgei1wWHeATKNqrv4BzcsxAV0KsoYSJ_UrZnhR3bVb3ik?nav=eyJyZWZlcnJhbEluZm8iOnsicmVmZXJyYWxBcHAiOiJTdHJlYW1XZWJBcHAiLCJyZWZlcnJhbFZpZXciOiJTaGFyZURpYWxvZy1MaW5rIiwicmVmZXJyYWxBcHBQbGF0Zm9ybSI6IldlYiIsInJlZmVycmFsTW9kZSI6InZpZXcifX0%3D&amp;e=xuCVSg\"><strong>La vejez en Puerto Rico. Representaciones de los adultos mayores <span class=\"markhdtiyn08b\" data-markjs=\"true\" data-ogac=\"\" data-ogab=\"\" data-ogsc=\"\" data-ogsb=\"\">en<\/span> <span class=\"mark1fxt8gy0d\" data-markjs=\"true\" data-ogac=\"\" data-ogab=\"\" data-ogsc=\"\" data-ogsb=\"\">la<\/span>s comedias televisivas de los a\u00f1os 1950 a los 2020s<\/strong><\/a><\/p><p>25 de abril de 2024<\/p><p>La profesora Wanda Reyes Vel\u00e1zquez aborda los programas de comedia televisiva producidos\u00a0<span class=\"marke26pl0sra\" data-markjs=\"true\" data-ogac=\"\" data-ogab=\"\" data-ogsc=\"\" data-ogsb=\"\">en<\/span>\u00a0Puerto Rico que incluyen representaciones de adultos mayores. Este estudio se\u00a0<span class=\"marke26pl0sra\" data-markjs=\"true\" data-ogac=\"\" data-ogab=\"\" data-ogsc=\"\" data-ogsb=\"\">en<\/span>marca\u00a0<span class=\"marke26pl0sra\" data-markjs=\"true\" data-ogac=\"\" data-ogab=\"\" data-ogsc=\"\" data-ogsb=\"\">en<\/span>\u00a0<span class=\"mark5m94qvghw\" data-markjs=\"true\" data-ogac=\"\" data-ogab=\"\" data-ogsc=\"\" data-ogsb=\"\">la<\/span>\u00a0identidad social,\u00a0<span class=\"mark5m94qvghw\" data-markjs=\"true\" data-ogac=\"\" data-ogab=\"\" data-ogsc=\"\" data-ogsb=\"\">la<\/span>\u00a0representaci\u00f3n social y\u00a0<span class=\"mark5m94qvghw\" data-markjs=\"true\" data-ogac=\"\" data-ogab=\"\" data-ogsc=\"\" data-ogsb=\"\">la<\/span>\u00a0semiosis social para identificar c\u00f3mo estos programas ayudan a crear significados sobre esta poblaci\u00f3n a lo\u00a0<span class=\"mark5m94qvghw\" data-markjs=\"true\" data-ogac=\"\" data-ogab=\"\" data-ogsc=\"\" data-ogsb=\"\">la<\/span>rgo de los a\u00f1os, que contribuyen al discurso\u00a0<span class=\"marke26pl0sra\" data-markjs=\"true\" data-ogac=\"\" data-ogab=\"\" data-ogsc=\"\" data-ogsb=\"\">en<\/span>\u00a0torno a\u00a0<span class=\"mark5m94qvghw\" data-markjs=\"true\" data-ogac=\"\" data-ogab=\"\" data-ogsc=\"\" data-ogsb=\"\">la<\/span>s personas mayores.<\/p><hr \/>\t\t\t\t\t\t\t\t<\/div>\n\t\t\t\t<\/div>\n\t\t\t\t\t<\/div>\n\t\t<\/div>\n\t\t\t\t<div class=\"elementor-column elementor-col-66 elementor-top-column elementor-element elementor-element-fad769b\" data-id=\"fad769b\" data-element_type=\"column\" data-e-type=\"column\">\n\t\t\t<div class=\"elementor-widget-wrap elementor-element-populated\">\n\t\t\t\t\t\t\t<\/div>\n\t\t<\/div>\n\t\t\t\t\t<\/div>\n\t\t<\/section>\n\t\t\t\t<section class=\"elementor-section elementor-top-section elementor-element elementor-element-0df23ac elementor-section-boxed elementor-section-height-default elementor-section-height-default\" data-id=\"0df23ac\" data-element_type=\"section\" data-e-type=\"section\">\n\t\t\t\t\t\t<div class=\"elementor-container elementor-column-gap-default\">\n\t\t\t\t\t<div class=\"elementor-column elementor-col-33 elementor-top-column elementor-element elementor-element-47ec96a\" data-id=\"47ec96a\" data-element_type=\"column\" data-e-type=\"column\">\n\t\t\t<div class=\"elementor-widget-wrap elementor-element-populated\">\n\t\t\t\t\t\t<div class=\"elementor-element elementor-element-ff6fb18 elementor-widget elementor-widget-text-editor\" data-id=\"ff6fb18\" data-element_type=\"widget\" data-e-type=\"widget\" data-widget_type=\"text-editor.default\">\n\t\t\t\t<div class=\"elementor-widget-container\">\n\t\t\t\t\t\t\t\t\t<p><a href=\"https:\/\/sistemaupr-my.sharepoint.com\/:v:\/g\/personal\/carlos_suarez5_upr_edu\/IQA3PorbDr5BTY61_uc51K8FAc0oASylnFWn4gxHNQ7IJNg?nav=eyJyZWZlcnJhbEluZm8iOnsicmVmZXJyYWxBcHAiOiJTdHJlYW1XZWJBcHAiLCJyZWZlcnJhbFZpZXciOiJTaGFyZURpYWxvZy1MaW5rIiwicmVmZXJyYWxBcHBQbGF0Zm9ybSI6IldlYiIsInJlZmVycmFsTW9kZSI6InZpZXcifX0%3D&amp;e=meCaGs\"><strong>Los retos de la transformaci\u00f3n en la biblioteca acad\u00e9mica<\/strong><\/a><\/p><p>21 de agosto de 2023<\/p><p>El profesor H\u00e9ctor Maymi Sugra\u00f1es, decano del Sistema de Bibliotecas en Western Illinois University, aborda el papel de la biblioteca acad\u00e9mica en el contexto actual.<\/p><hr \/><p>\u00a0<\/p>\t\t\t\t\t\t\t\t<\/div>\n\t\t\t\t<\/div>\n\t\t\t\t\t<\/div>\n\t\t<\/div>\n\t\t\t\t<div class=\"elementor-column elementor-col-66 elementor-top-column elementor-element elementor-element-c64a528\" data-id=\"c64a528\" data-element_type=\"column\" data-e-type=\"column\">\n\t\t\t<div class=\"elementor-widget-wrap elementor-element-populated\">\n\t\t\t\t\t\t\t<\/div>\n\t\t<\/div>\n\t\t\t\t\t<\/div>\n\t\t<\/section>\n\t\t\t\t<section class=\"elementor-section elementor-top-section elementor-element elementor-element-4475d5f6 elementor-section-boxed elementor-section-height-default elementor-section-height-default\" data-id=\"4475d5f6\" data-element_type=\"section\" data-e-type=\"section\">\n\t\t\t\t\t\t<div class=\"elementor-container elementor-column-gap-default\">\n\t\t\t\t\t<div class=\"elementor-column elementor-col-100 elementor-top-column elementor-element elementor-element-39cb0823\" data-id=\"39cb0823\" data-element_type=\"column\" data-e-type=\"column\">\n\t\t\t<div class=\"elementor-widget-wrap elementor-element-populated\">\n\t\t\t\t\t\t\t<\/div>\n\t\t<\/div>\n\t\t\t\t\t<\/div>\n\t\t<\/section>\n\t\t\t\t<section class=\"elementor-section elementor-top-section elementor-element elementor-element-c656b21 elementor-section-boxed elementor-section-height-default elementor-section-height-default\" data-id=\"c656b21\" data-element_type=\"section\" data-e-type=\"section\">\n\t\t\t\t\t\t<div class=\"elementor-container elementor-column-gap-default\">\n\t\t\t\t\t<div class=\"elementor-column elementor-col-33 elementor-top-column elementor-element elementor-element-dc7d480\" data-id=\"dc7d480\" data-element_type=\"column\" data-e-type=\"column\">\n\t\t\t<div class=\"elementor-widget-wrap elementor-element-populated\">\n\t\t\t\t\t\t<div class=\"elementor-element elementor-element-ec6b0ae elementor-widget elementor-widget-text-editor\" data-id=\"ec6b0ae\" data-element_type=\"widget\" data-e-type=\"widget\" data-widget_type=\"text-editor.default\">\n\t\t\t\t<div class=\"elementor-widget-container\">\n\t\t\t\t\t\t\t\t\t<p><a href=\"https:\/\/youtu.be\/qSMZp-K21JM?si=J5VaAxxwJ5_gpDou\"><b>Formas de comunicar la ciencia<\/b><\/a><\/p><p>22 de diciembre de 2022<\/p><p>Lucas S\u00e1nchez Sampedro, cofundador de <a href=\"https:\/\/scienseed.com\/\">Scienseed.com<\/a>, comparte su experiencia en el dise\u00f1o y ejecuci\u00f3n de estrategias\u00a0<span class=\"marka4ev2iucb\" data-markjs=\"true\" data-ogac=\"\" data-ogab=\"\" data-ogsc=\"\" data-ogsb=\"\">de<\/span>\u00a0comunicaci\u00f3n\u00a0<span class=\"marka4ev2iucb\" data-markjs=\"true\" data-ogac=\"\" data-ogab=\"\" data-ogsc=\"\" data-ogsb=\"\">de<\/span>\u00a0contenidos cient\u00edficos explorando diferentes formatos y narrativas.<\/p><hr \/><p>\u00a0<\/p>\t\t\t\t\t\t\t\t<\/div>\n\t\t\t\t<\/div>\n\t\t\t\t\t<\/div>\n\t\t<\/div>\n\t\t\t\t<div class=\"elementor-column elementor-col-66 elementor-top-column elementor-element elementor-element-06d44bf\" data-id=\"06d44bf\" data-element_type=\"column\" data-e-type=\"column\">\n\t\t\t<div class=\"elementor-widget-wrap elementor-element-populated\">\n\t\t\t\t\t\t\t<\/div>\n\t\t<\/div>\n\t\t\t\t\t<\/div>\n\t\t<\/section>\n\t\t\t\t<section class=\"elementor-section elementor-top-section elementor-element elementor-element-62090bf elementor-section-boxed elementor-section-height-default elementor-section-height-default\" data-id=\"62090bf\" data-element_type=\"section\" data-e-type=\"section\">\n\t\t\t\t\t\t<div class=\"elementor-container elementor-column-gap-default\">\n\t\t\t\t\t<div class=\"elementor-column elementor-col-33 elementor-top-column elementor-element elementor-element-3ccbd67\" data-id=\"3ccbd67\" data-element_type=\"column\" data-e-type=\"column\">\n\t\t\t<div class=\"elementor-widget-wrap elementor-element-populated\">\n\t\t\t\t\t\t<div class=\"elementor-element elementor-element-55a5ed0 elementor-widget elementor-widget-text-editor\" data-id=\"55a5ed0\" data-element_type=\"widget\" data-e-type=\"widget\" data-widget_type=\"text-editor.default\">\n\t\t\t\t<div class=\"elementor-widget-container\">\n\t\t\t\t\t\t\t\t\t<p><a href=\"https:\/\/youtu.be\/2AAhJlapHWg?si=UWvTEDfPop-RFe0I\"><strong>El impacto de la comunicaci\u00f3n universitaria sobre resultados de I+D+i<\/strong><\/a><\/p><p>2 de diciembre de 2022<\/p><p>Francisco Javier Alonso Flores, periodista especializado en informaci\u00f3n de I+D+i y en comunicaci\u00f3n corporativa, responsable de las \u00e1reas de divulgaci\u00f3n cient\u00edfica y atenci\u00f3n a medios de comunicaci\u00f3n en el Servicio de Comunicaci\u00f3n Institucional de la Universidad Carlos III de Madrid (UC3M), aborda los beneficios de las campa\u00f1as de comunicaci\u00f3n institucional para la visibilidad y el impacto de la investigaci\u00f3n.<\/p><hr \/><p>\u00a0<\/p>\t\t\t\t\t\t\t\t<\/div>\n\t\t\t\t<\/div>\n\t\t\t\t\t<\/div>\n\t\t<\/div>\n\t\t\t\t<div class=\"elementor-column elementor-col-66 elementor-top-column elementor-element elementor-element-3843a2e\" data-id=\"3843a2e\" data-element_type=\"column\" data-e-type=\"column\">\n\t\t\t<div class=\"elementor-widget-wrap elementor-element-populated\">\n\t\t\t\t\t\t\t<\/div>\n\t\t<\/div>\n\t\t\t\t\t<\/div>\n\t\t<\/section>\n\t\t\t\t<section class=\"elementor-section elementor-top-section elementor-element elementor-element-17d72dd elementor-section-boxed elementor-section-height-default elementor-section-height-default\" data-id=\"17d72dd\" data-element_type=\"section\" data-e-type=\"section\">\n\t\t\t\t\t\t<div class=\"elementor-container elementor-column-gap-default\">\n\t\t\t\t\t<div class=\"elementor-column elementor-col-33 elementor-top-column elementor-element elementor-element-1407b81\" data-id=\"1407b81\" data-element_type=\"column\" data-e-type=\"column\">\n\t\t\t<div class=\"elementor-widget-wrap elementor-element-populated\">\n\t\t\t\t\t\t<div class=\"elementor-element elementor-element-ee678ab elementor-widget elementor-widget-text-editor\" data-id=\"ee678ab\" data-element_type=\"widget\" data-e-type=\"widget\" data-widget_type=\"text-editor.default\">\n\t\t\t\t<div class=\"elementor-widget-container\">\n\t\t\t\t\t\t\t\t\t<p><a href=\"https:\/\/youtu.be\/wU8h5KxB76o?si=JGdw_e4GbRHG5eMH\"><strong>Ciencia Abierta en el Caribe<\/strong><\/a><\/p><p>15 de noviembre de 2022<\/p><p>Encuentro virtual sobre Ciencia Abierta en el Caribe, con el apoyo del\u00a0<a href=\"https:\/\/www.clacso.org\/folec\/\">Foro Latinoamericano de Evaluaci\u00f3n Cient\u00edfica<\/a> (FOLEC) del Consejo Latinoamericano de Ciencias Sociales (CLACSO) y la participaci\u00f3n de colegas de Argentina, Cuba, Rep\u00fablica Dominicana y Puerto Rico.<\/p><hr \/><p>\u00a0<\/p>\t\t\t\t\t\t\t\t<\/div>\n\t\t\t\t<\/div>\n\t\t\t\t\t<\/div>\n\t\t<\/div>\n\t\t\t\t<div class=\"elementor-column elementor-col-66 elementor-top-column elementor-element elementor-element-016499b\" data-id=\"016499b\" data-element_type=\"column\" data-e-type=\"column\">\n\t\t\t<div class=\"elementor-widget-wrap elementor-element-populated\">\n\t\t\t\t\t\t\t<\/div>\n\t\t<\/div>\n\t\t\t\t\t<\/div>\n\t\t<\/section>\n\t\t\t\t<\/div>\n\t\t","protected":false},"excerpt":{"rendered":"<p>Ciclo de conferencias, talleres y conversatorios coordinados desde el CIICOM Del Viejo San Juan al Mall: La ruta de las librer\u00edas en Puerto Rico. jueves 16 de abril de 2026,\u00a0 3:00 p.m. Conferenciante: Alfredo Torres Otero, Librero, editor y gestor &hellip; <\/p>\n","protected":false},"author":15,"featured_media":0,"parent":0,"menu_order":0,"comment_status":"closed","ping_status":"closed","template":"","meta":{"_crdt_document":"","footnotes":""},"class_list":["post-15598","page","type-page","status-publish","hentry"],"_links":{"self":[{"href":"https:\/\/faci.uprrp.edu\/ciicom\/wp-json\/wp\/v2\/pages\/15598","targetHints":{"allow":["GET"]}}],"collection":[{"href":"https:\/\/faci.uprrp.edu\/ciicom\/wp-json\/wp\/v2\/pages"}],"about":[{"href":"https:\/\/faci.uprrp.edu\/ciicom\/wp-json\/wp\/v2\/types\/page"}],"author":[{"embeddable":true,"href":"https:\/\/faci.uprrp.edu\/ciicom\/wp-json\/wp\/v2\/users\/15"}],"replies":[{"embeddable":true,"href":"https:\/\/faci.uprrp.edu\/ciicom\/wp-json\/wp\/v2\/comments?post=15598"}],"version-history":[{"count":224,"href":"https:\/\/faci.uprrp.edu\/ciicom\/wp-json\/wp\/v2\/pages\/15598\/revisions"}],"predecessor-version":[{"id":16041,"href":"https:\/\/faci.uprrp.edu\/ciicom\/wp-json\/wp\/v2\/pages\/15598\/revisions\/16041"}],"wp:attachment":[{"href":"https:\/\/faci.uprrp.edu\/ciicom\/wp-json\/wp\/v2\/media?parent=15598"}],"curies":[{"name":"wp","href":"https:\/\/api.w.org\/{rel}","templated":true}]}}